{"id":35000,"date":"2025-07-31T18:26:27","date_gmt":"2025-07-31T18:26:27","guid":{"rendered":"https:\/\/deromania.es\/?post_type=product&#038;p=35000"},"modified":"2026-03-22T19:04:33","modified_gmt":"2026-03-22T18:04:33","slug":"acatistele-si-paraclisul-adormirii-maicii-domnului","status":"publish","type":"product","link":"https:\/\/deromania.es\/es\/producto\/acatistele-si-paraclisul-adormirii-maicii-domnului","title":{"rendered":"La Ak ak aktistis y la Misa de la Asunci\u00f3n"},"content":{"rendered":"<div data-elementor-type=\"wp-post\" data-elementor-id=\"35000\" class=\"elementor elementor-35000\">\n\t\t\t\t<div class=\"wd-negative-gap elementor-element elementor-element-dc525ed e-flex e-con-boxed e-con e-parent\" data-id=\"dc525ed\" data-element_type=\"container\" data-e-type=\"container\">\n\t\t\t\t\t<div class=\"e-con-inner\">\n\t\t<div class=\"elementor-element elementor-element-01b3617 e-con-full e-flex e-con e-child\" data-id=\"01b3617\" data-element_type=\"container\" data-e-type=\"container\">\n\t\t\t\t<div class=\"elementor-element elementor-element-090be9a elementor-widget elementor-widget-wd_text_block\" data-id=\"090be9a\" data-element_type=\"widget\" data-e-type=\"widget\" data-widget_type=\"wd_text_block.default\">\n\t\t\t\t<div class=\"elementor-widget-container\">\n\t\t\t\t\t\t\t<div class=\"wd-text-block reset-last-child text-left\">\n\t\t\t\n\t\t\t<p data-start=\"588\" data-end=\"697\"><strong data-start=\"588\" data-end=\"697\">Las Avemar\u00edas y la Coronilla de la Asunci\u00f3n de la Sant\u00edsima Virgen - Tres oraciones para el consuelo y la protecci\u00f3n celestiales<\/strong><\/p><p data-start=\"699\" data-end=\"1032\">Este folleto ortodoxo incluye <strong data-start=\"733\" data-end=\"800\">dos akatistas y una coronilla dedicados a la Asunci\u00f3n de la Virgen Mar\u00eda<\/strong>, una de las fiestas m\u00e1s importantes del calendario ortodoxo, que se celebra el 15 de agosto. Las oraciones se dirigen <strong data-start=\"919\" data-end=\"957\">Sant\u00edsima Madre de Dios<\/strong>, Madre de todos, que no cesas de interceder por el mundo entero.<\/p><p data-start=\"1034\" data-end=\"1287\">La Asunci\u00f3n de la Madre de Dios no se ve como una muerte en el sentido humano, sino como un traslado al cielo en gloria. El culto de esta fiesta aporta esperanza, fuerza y la confianza de que la Virgen Mar\u00eda vela constantemente por quienes la honran con piedad.<\/p><p data-start=\"1289\" data-end=\"1577\">Los dos <strong data-start=\"1299\" data-end=\"1311\">acatiste<\/strong> son oraciones de alabanza e intercesi\u00f3n, pidiendo <strong data-start=\"1366\" data-end=\"1445\">ayuda en los apuros, curaci\u00f3n, liberaci\u00f3n de la angustia y paz de esp\u00edritu<\/strong>. <strong data-start=\"1447\" data-end=\"1461\">Par\u00e1clito<\/strong> es una misa m\u00e1s breve, le\u00edda sobre todo durante las tardes de ayuno y oraci\u00f3n, que aporta consuelo y paz interior.<\/p><p data-start=\"1579\" data-end=\"1778\">Este librito es ideal para la oraci\u00f3n diaria, para el per\u00edodo de ayuno de la Asunci\u00f3n de la Sant\u00edsima Virgen Mar\u00eda (1-15 de agosto) o para quienes sienten la necesidad de una presencia celestial de la Madre de Dios en sus vidas.<\/p><p data-start=\"1780\" data-end=\"1946\">Disponible en <strong data-start=\"1795\" data-end=\"1811\">Deromania.es<\/strong>, Con una entrega r\u00e1pida en toda Espa\u00f1a, este librito se convierte en un verdadero apoyo para el alma, un rayo de esperanza en medio de las pruebas.<\/p>\n\t\t\t\t\t<\/div>\n\t\t\t\t\t\t<\/div>\n\t\t\t\t<\/div>\n\t\t\t\t<\/div>\n\t\t<div class=\"elementor-element elementor-element-5b9142a e-con-full e-flex e-con e-child\" data-id=\"5b9142a\" data-element_type=\"container\" data-e-type=\"container\">\n\t\t\t\t<div class=\"elementor-element elementor-element-bc4ec9d elementor-widget elementor-widget-wd_infobox\" data-id=\"bc4ec9d\" data-element_type=\"widget\" data-e-type=\"widget\" data-widget_type=\"wd_infobox.default\">\n\t\t\t\t<div class=\"elementor-widget-container\">\n\t\t\t\t\t\t\t<div class=\"info-box-wrapper\">\n\t\t\t<div class=\"wd-info-box text-center box-icon-align-top box-style-base color-scheme-\">\n\t\t\t\t\t\t\t\t\t<div class=\"box-icon-wrapper  box-with-icon box-icon-simple\">\n\t\t\t\t\t\t<div class=\"info-box-icon\">\n\t\t\t\t\t\t\t\t\t\t\t\t\t\t\t<img loading=\"lazy\" decoding=\"async\" width=\"50\" height=\"50\" src=\"https:\/\/deromania.es\/wp-content\/smush-webp\/2025\/07\/Obiecte-pangar-Spania-50x50.png.webp\" class=\"attachment-50x50 size-50x50\" alt=\"Objetos pangar Espa\u00f1a\" srcset=\"https:\/\/deromania.es\/wp-content\/smush-webp\/2025\/07\/Obiecte-pangar-Spania-50x50.png.webp 50w, https:\/\/deromania.es\/wp-content\/smush-webp\/2025\/07\/Obiecte-pangar-Spania-150x150.png.webp 150w, https:\/\/deromania.es\/wp-content\/smush-webp\/2025\/07\/Obiecte-pangar-Spania-430x430.png.webp 430w, https:\/\/deromania.es\/wp-content\/smush-webp\/2025\/07\/Obiecte-pangar-Spania-118x118.png.webp 118w\" sizes=\"auto, (max-width: 50px) 100vw, 50px\" title=\"\">\t\t\t\t\t\t\t\t\t\t\t\t\t<\/div>\n\t\t\t\t\t<\/div>\n\t\t\t\t\n\t\t\t\t<div class=\"info-box-content\">\n\t\t\t\t\t\n\t\t\t\t\t\t\t\t\t\t\t<h4\t\t\t\t\t\tclass=\"info-box-title title box-title-style-default wd-fontsize-s\" data-elementor-setting-key=\"title\">\n\t\t\t\t\t\t\t\t\ud83c\udf39 Oraciones a la Madre de Dios\t\t\t\t\t\t<\/h4>\n\t\t\t\t\t\n\t\t\t\t\t<div class=\"info-box-inner reset-last-child\"data-elementor-setting-key=\"content\"><p style=\"text-align: center;\">Dos ac\u00f3litos y una coronilla dedicados a la Asunci\u00f3n - consuelo celestial para el alma.<\/p>\n<\/div>\n\n\t\t\t\t\t\t\t\t\t<\/div>\n\n\t\t\t\t\t\t\t\t\t<a href=\"#\" class=\"wd-info-box-link wd-fill\" aria-label=\"Infobox link\"><\/a>\n\t\t\t\t\t\t\t<\/div>\n\t\t<\/div>\n\t\t\t\t\t\t<\/div>\n\t\t\t\t<\/div>\n\t\t\t\t<div class=\"elementor-element elementor-element-925f8ae elementor-widget elementor-widget-wd_infobox\" data-id=\"925f8ae\" data-element_type=\"widget\" data-e-type=\"widget\" data-widget_type=\"wd_infobox.default\">\n\t\t\t\t<div class=\"elementor-widget-container\">\n\t\t\t\t\t\t\t<div class=\"info-box-wrapper\">\n\t\t\t<div class=\"wd-info-box text-center box-icon-align-top box-style-base color-scheme-\">\n\t\t\t\t\t\t\t\t\t<div class=\"box-icon-wrapper  box-with-icon box-icon-simple\">\n\t\t\t\t\t\t<div class=\"info-box-icon\">\n\t\t\t\t\t\t\t\t\t\t\t\t\t\t\t<img loading=\"lazy\" decoding=\"async\" width=\"50\" height=\"50\" src=\"https:\/\/deromania.es\/wp-content\/smush-webp\/2025\/07\/patriarhia-romana-in-Spania-50x50.jpg.webp\" class=\"attachment-50x50 size-50x50\" alt=\"Patriarcado Romano en Espa\u00f1a\" srcset=\"https:\/\/deromania.es\/wp-content\/smush-webp\/2025\/07\/patriarhia-romana-in-Spania-50x50.jpg.webp 50w, https:\/\/deromania.es\/wp-content\/smush-webp\/2025\/07\/patriarhia-romana-in-Spania-150x150.jpg.webp 150w, https:\/\/deromania.es\/wp-content\/smush-webp\/2025\/07\/patriarhia-romana-in-Spania-430x430.jpg.webp 430w\" sizes=\"auto, (max-width: 50px) 100vw, 50px\" title=\"\">\t\t\t\t\t\t\t\t\t\t\t\t\t<\/div>\n\t\t\t\t\t<\/div>\n\t\t\t\t\n\t\t\t\t<div class=\"info-box-content\">\n\t\t\t\t\t\n\t\t\t\t\t\t\t\t\t\t\t<h4\t\t\t\t\t\tclass=\"info-box-title title box-title-style-default wd-fontsize-s\" data-elementor-setting-key=\"title\">\n\t\t\t\t\t\t\t\t\ud83d\udce6 Env\u00edo r\u00e1pido desde Espa\u00f1a\t\t\t\t\t\t<\/h4>\n\t\t\t\t\t\n\t\t\t\t\t<div class=\"info-box-inner reset-last-child\"data-elementor-setting-key=\"content\"><p style=\"text-align: center;\">Haga su pedido f\u00e1cilmente en Deromania.es - realizamos los env\u00edos desde nuestro stock local sin demoras.<\/p>\n<\/div>\n\n\t\t\t\t\t\t\t\t\t<\/div>\n\n\t\t\t\t\t\t\t\t\t<a href=\"#\" class=\"wd-info-box-link wd-fill\" aria-label=\"Infobox link\"><\/a>\n\t\t\t\t\t\t\t<\/div>\n\t\t<\/div>\n\t\t\t\t\t\t<\/div>\n\t\t\t\t<\/div>\n\t\t\t\t<\/div>\n\t\t<div class=\"elementor-element elementor-element-33979a3 e-con-full e-flex e-con e-child\" data-id=\"33979a3\" data-element_type=\"container\" data-e-type=\"container\">\n\t\t\t\t<div class=\"elementor-element elementor-element-3fca813 elementor-widget elementor-widget-wd_infobox\" data-id=\"3fca813\" data-element_type=\"widget\" data-e-type=\"widget\" data-widget_type=\"wd_infobox.default\">\n\t\t\t\t<div class=\"elementor-widget-container\">\n\t\t\t\t\t\t\t<div class=\"info-box-wrapper\">\n\t\t\t<div class=\"wd-info-box text-center box-icon-align-top box-style-base color-scheme-\">\n\t\t\t\t\t\t\t\t\t<div class=\"box-icon-wrapper  box-with-icon box-icon-simple\">\n\t\t\t\t\t\t<div class=\"info-box-icon\">\n\t\t\t\t\t\t\t\t\t\t\t\t\t\t\t<img loading=\"lazy\" decoding=\"async\" width=\"50\" height=\"50\" src=\"https:\/\/deromania.es\/wp-content\/smush-webp\/2025\/07\/Carti-Arta-traditionale-romanesti-in-Spania-50x50.png.webp\" class=\"attachment-50x50 size-50x50\" alt=\"Libros y arte tradicionales rumanos en Espa\u00f1a\" srcset=\"https:\/\/deromania.es\/wp-content\/smush-webp\/2025\/07\/Carti-Arta-traditionale-romanesti-in-Spania-50x50.png.webp 50w, https:\/\/deromania.es\/wp-content\/smush-webp\/2025\/07\/Carti-Arta-traditionale-romanesti-in-Spania-12x12.png.webp 12w, https:\/\/deromania.es\/wp-content\/smush-webp\/2025\/07\/Carti-Arta-traditionale-romanesti-in-Spania-150x150.png.webp 150w, https:\/\/deromania.es\/wp-content\/smush-webp\/2025\/07\/Carti-Arta-traditionale-romanesti-in-Spania-300x300.png.webp 300w, https:\/\/deromania.es\/wp-content\/uploads\/2025\/07\/Carti-Arta-traditionale-romanesti-in-Spania-768x768.png 768w, https:\/\/deromania.es\/wp-content\/uploads\/2025\/07\/Carti-Arta-traditionale-romanesti-in-Spania-800x800.png 800w, https:\/\/deromania.es\/wp-content\/smush-webp\/2025\/07\/Carti-Arta-traditionale-romanesti-in-Spania-430x430.png.webp 430w, https:\/\/deromania.es\/wp-content\/smush-webp\/2025\/07\/Carti-Arta-traditionale-romanesti-in-Spania-700x700.png.webp 700w, https:\/\/deromania.es\/wp-content\/smush-webp\/2025\/07\/Carti-Arta-traditionale-romanesti-in-Spania-118x118.png.webp 118w, https:\/\/deromania.es\/wp-content\/uploads\/2025\/07\/Carti-Arta-traditionale-romanesti-in-Spania.png 1024w\" sizes=\"auto, (max-width: 50px) 100vw, 50px\" title=\"\">\t\t\t\t\t\t\t\t\t\t\t\t\t<\/div>\n\t\t\t\t\t<\/div>\n\t\t\t\t\n\t\t\t\t<div class=\"info-box-content\">\n\t\t\t\t\t\n\t\t\t\t\t\t\t\t\t\t\t<h4\t\t\t\t\t\tclass=\"info-box-title title box-title-style-default wd-fontsize-s\" data-elementor-setting-key=\"title\">\n\t\t\t\t\t\t\t\t\ud83d\udcd8 Formato r\u00fastica: ideal para la lectura diaria\t\t\t\t\t\t<\/h4>\n\t\t\t\t\t\n\t\t\t\t\t<div class=\"info-box-inner reset-last-child\"data-elementor-setting-key=\"content\"><p style=\"text-align: center;\">Texto completo y accesible con un lenguaje lit\u00fargico claro y profundo.<\/p>\n<\/div>\n\n\t\t\t\t\t\t\t\t\t<\/div>\n\n\t\t\t\t\t\t\t\t\t<a href=\"#\" class=\"wd-info-box-link wd-fill\" aria-label=\"Infobox link\"><\/a>\n\t\t\t\t\t\t\t<\/div>\n\t\t<\/div>\n\t\t\t\t\t\t<\/div>\n\t\t\t\t<\/div>\n\t\t\t\t<div class=\"elementor-element elementor-element-d0884bb elementor-widget elementor-widget-wd_infobox\" data-id=\"d0884bb\" data-element_type=\"widget\" data-e-type=\"widget\" data-widget_type=\"wd_infobox.default\">\n\t\t\t\t<div class=\"elementor-widget-container\">\n\t\t\t\t\t\t\t<div class=\"info-box-wrapper\">\n\t\t\t<div class=\"wd-info-box text-center box-icon-align-top box-style-base color-scheme-\">\n\t\t\t\t\t\t\t\t\t<div class=\"box-icon-wrapper  box-with-icon box-icon-simple\">\n\t\t\t\t\t\t<div class=\"info-box-icon\">\n\t\t\t\t\t\t\t\t\t\t\t\t\t\t\t<img loading=\"lazy\" decoding=\"async\" width=\"50\" height=\"50\" src=\"https:\/\/deromania.es\/wp-content\/smush-webp\/2025\/07\/Carti-Arta-traditionale-romanesti-Spania-50x50.png.webp\" class=\"attachment-50x50 size-50x50\" alt=\"Libros y arte Arte tradicional rumano Espa\u00f1a\" srcset=\"https:\/\/deromania.es\/wp-content\/smush-webp\/2025\/07\/Carti-Arta-traditionale-romanesti-Spania-50x50.png.webp 50w, https:\/\/deromania.es\/wp-content\/smush-webp\/2025\/07\/Carti-Arta-traditionale-romanesti-Spania-150x150.png.webp 150w, https:\/\/deromania.es\/wp-content\/smush-webp\/2025\/07\/Carti-Arta-traditionale-romanesti-Spania-430x430.png.webp 430w\" sizes=\"auto, (max-width: 50px) 100vw, 50px\" title=\"\">\t\t\t\t\t\t\t\t\t\t\t\t\t<\/div>\n\t\t\t\t\t<\/div>\n\t\t\t\t\n\t\t\t\t<div class=\"info-box-content\">\n\t\t\t\t\t\n\t\t\t\t\t\t\t\t\t\t\t<h4\t\t\t\t\t\tclass=\"info-box-title title box-title-style-default wd-fontsize-s\" data-elementor-setting-key=\"title\">\n\t\t\t\t\t\t\t\t\ud83d\udd4a\ufe0f Ayuda en problemas, enfermedad y angustia\t\t\t\t\t\t<\/h4>\n\t\t\t\t\t\n\t\t\t\t\t<div class=\"info-box-inner reset-last-child\"data-elementor-setting-key=\"content\"><p style=\"text-align: center;\">Maica Domnului, grabnic ajut\u0103toare, este chemat\u0103 pentru lini\u0219te \u0219i ocrotire.<\/p>\n<\/div>\n\n\t\t\t\t\t\t\t\t\t<\/div>\n\n\t\t\t\t\t\t\t\t\t<a href=\"#\" class=\"wd-info-box-link wd-fill\" aria-label=\"Infobox link\"><\/a>\n\t\t\t\t\t\t\t<\/div>\n\t\t<\/div>\n\t\t\t\t\t\t<\/div>\n\t\t\t\t<\/div>\n\t\t\t\t<\/div>\n\t\t\t\t\t<\/div>\n\t\t\t\t<\/div>\n\t\t\t\t<\/div>","protected":false},"excerpt":{"rendered":"<p>Folleto con dos akatistas y una coronilla dedicados a la Asunci\u00f3n de la Sant\u00edsima Virgen Mar\u00eda. Oraciones de esperanza, consuelo y protecci\u00f3n celestial.<\/p>","protected":false},"featured_media":170853,"comment_status":"open","ping_status":"closed","template":"","meta":[],"product_brand":[122],"product_cat":[148,98],"product_tag":[166,187,181,165,182,190,186,300,184,183,188,185,168,189],"class_list":{"0":"post-35000","1":"product","2":"type-product","3":"status-publish","4":"has-post-thumbnail","6":"product_brand-patriarhia-romana","7":"product_cat-carti-arta","8":"product_cat-obiecte-ortodoxe","9":"product_tag-acatiste","10":"product_tag-cadou-ortodox","11":"product_tag-carte-religioasa","12":"product_tag-carti-bisericesti","13":"product_tag-credinta-ortodoxa","14":"product_tag-cultura-romaneasca","15":"product_tag-dar-religios","16":"product_tag-maica-domnului","17":"product_tag-obiecte-ortodoxe","18":"product_tag-ortodoxie","19":"product_tag-produse-traditionale-romanesti","20":"product_tag-religie-romaneasca","21":"product_tag-rugaciuni","22":"product_tag-simboluri-ortodoxe","24":"first","25":"instock","26":"taxable","27":"shipping-taxable","28":"purchasable","29":"product-type-simple"},"_links":{"self":[{"href":"https:\/\/deromania.es\/es\/wp-json\/wp\/v2\/product\/35000","targetHints":{"allow":["GET"]}}],"collection":[{"href":"https:\/\/deromania.es\/es\/wp-json\/wp\/v2\/product"}],"about":[{"href":"https:\/\/deromania.es\/es\/wp-json\/wp\/v2\/types\/product"}],"replies":[{"embeddable":true,"href":"https:\/\/deromania.es\/es\/wp-json\/wp\/v2\/comments?post=35000"}],"version-history":[{"count":0,"href":"https:\/\/deromania.es\/es\/wp-json\/wp\/v2\/product\/35000\/revisions"}],"wp:featuredmedia":[{"embeddable":true,"href":"https:\/\/deromania.es\/es\/wp-json\/wp\/v2\/media\/170853"}],"wp:attachment":[{"href":"https:\/\/deromania.es\/es\/wp-json\/wp\/v2\/media?parent=35000"}],"wp:term":[{"taxonomy":"product_brand","embeddable":true,"href":"https:\/\/deromania.es\/es\/wp-json\/wp\/v2\/product_brand?post=35000"},{"taxonomy":"product_cat","embeddable":true,"href":"https:\/\/deromania.es\/es\/wp-json\/wp\/v2\/product_cat?post=35000"},{"taxonomy":"product_tag","embeddable":true,"href":"https:\/\/deromania.es\/es\/wp-json\/wp\/v2\/product_tag?post=35000"}],"curies":[{"name":"wp","href":"https:\/\/api.w.org\/{rel}","templated":true}]}}