{"id":34945,"date":"2025-07-31T16:42:00","date_gmt":"2025-07-31T16:42:00","guid":{"rendered":"https:\/\/deromania.es\/?post_type=product&#038;p=34945"},"modified":"2025-12-28T17:45:39","modified_gmt":"2025-12-28T17:45:39","slug":"icoana-sfantul-prooroc-ilie-tesviteanul","status":"publish","type":"product","link":"https:\/\/deromania.es\/es\/producto\/icoana-sfantul-prooroc-ilie-tesviteanul","title":{"rendered":"Icono de San El\u00edas Profeta - 17\u00d714 cm, Sagrado"},"content":{"rendered":"<div data-elementor-type=\"wp-post\" data-elementor-id=\"34945\" class=\"elementor elementor-34945\">\n\t\t\t\t<div class=\"wd-negative-gap elementor-element elementor-element-dc525ed e-flex e-con-boxed e-con e-parent\" data-id=\"dc525ed\" data-element_type=\"container\" data-e-type=\"container\">\n\t\t\t\t\t<div class=\"e-con-inner\">\n\t\t<div class=\"elementor-element elementor-element-01b3617 e-con-full e-flex e-con e-child\" data-id=\"01b3617\" data-element_type=\"container\" data-e-type=\"container\">\n\t\t\t\t<div class=\"elementor-element elementor-element-090be9a elementor-widget elementor-widget-wd_text_block\" data-id=\"090be9a\" data-element_type=\"widget\" data-e-type=\"widget\" data-widget_type=\"wd_text_block.default\">\n\t\t\t\t<div class=\"elementor-widget-container\">\n\t\t\t\t\t\t\t<div class=\"wd-text-block reset-last-child text-left\">\n\t\t\t\n\t\t\t<p data-start=\"651\" data-end=\"745\"><strong data-start=\"651\" data-end=\"745\">Icoan\u0103 Ortodox\u0103 Sf\u00e2ntul Ilie Tesviteanul \u2013 Focul credin\u021bei \u0219i glasul profetic al drept\u0103\u021bii<\/strong><\/p><p data-start=\"747\" data-end=\"1081\">Aceast\u0103 icoan\u0103 ortodox\u0103 litografiat\u0103 \u00eel \u00eenf\u0103\u021bi\u0219eaz\u0103 pe <strong data-start=\"802\" data-end=\"838\">Sf\u00e2ntul Prooroc Ilie Tesviteanul<\/strong>, unul dintre cei mai importan\u021bi \u0219i venera\u021bi sfin\u021bi ai Vechiului Testament. Realizat\u0103 pe suport PAL, \u00een format mediu de 17 x 14 cm, icoana este ideal\u0103 pentru spa\u021biul de rug\u0103ciune din locuin\u021b\u0103 sau ca dar pentru cei care poart\u0103 numele sf\u00e2ntului.<\/p><p data-start=\"1083\" data-end=\"1493\">Sf\u00e2ntul Ilie este cunoscut ca proorocul focului, deoarece a fost \u00een\u0103l\u021bat la cer \u00eentr-un car de foc \u0219i a fost trimis de Dumnezeu cu puterea de a opri \u0219i a porni ploaia, ca pedeaps\u0103 sau binecuv\u00e2ntare. Este un simbol al drept\u0103\u021bii divine \u0219i al luptei \u00eempotriva idolatriei \u0219i p\u0103catului. \u00cen icoane, este adesea reprezentat fie rug\u00e2ndu-se pe munte, fie \u00een carul de foc tras de cai, semn al \u00een\u0103l\u021b\u0103rii sale f\u0103r\u0103 moarte.<\/p><p data-start=\"1495\" data-end=\"1845\">\u00cen tradi\u021bia ortodox\u0103, Sf\u00e2ntul Ilie este considerat ocrotitorul cerului \u0219i al recoltelor. Credincio\u0219ii \u00eel invoc\u0103 pentru <strong data-start=\"1614\" data-end=\"1672\">protec\u021bie \u00eempotriva furtunilor, secetei \u0219i tr\u0103snetelor<\/strong>, dar \u0219i pentru \u00eent\u0103rirea credin\u021bei \u0219i lupta \u00eempotriva r\u0103ului. S\u0103rb\u0103toarea sa este celebrat\u0103 pe 20 iulie \u0219i este una dintre cele mai mari din calendarul bisericesc rom\u00e2nesc.<\/p><p data-start=\"1847\" data-end=\"2127\">Dac\u0103 locuie\u0219ti \u00een Spania \u0219i cau\u021bi o <strong data-start=\"1883\" data-end=\"1929\">icoan\u0103 cu Sf\u00e2ntul Prooroc Ilie Tesviteanul<\/strong>, aceast\u0103 variant\u0103 litografiat\u0103, disponibil\u0103 acum pe Deromania.es, este o alegere puternic\u0103 \u0219i plin\u0103 de simbolism. Adaug-o \u00een col\u021bul t\u0103u de rug\u0103ciune sau ofer-o \u00een dar celor care poart\u0103 numele Ilie.<\/p>\n\t\t\t\t\t<\/div>\n\t\t\t\t\t\t<\/div>\n\t\t\t\t<\/div>\n\t\t\t\t<\/div>\n\t\t<div class=\"elementor-element elementor-element-5b9142a e-con-full e-flex e-con e-child\" data-id=\"5b9142a\" data-element_type=\"container\" data-e-type=\"container\">\n\t\t\t\t<div class=\"elementor-element elementor-element-bc4ec9d elementor-widget elementor-widget-wd_infobox\" data-id=\"bc4ec9d\" data-element_type=\"widget\" data-e-type=\"widget\" data-widget_type=\"wd_infobox.default\">\n\t\t\t\t<div class=\"elementor-widget-container\">\n\t\t\t\t\t\t\t<div class=\"info-box-wrapper\">\n\t\t\t<div class=\"wd-info-box text-center box-icon-align-top box-style-base color-scheme-\">\n\t\t\t\t\t\t\t\t\t<div class=\"box-icon-wrapper  box-with-icon box-icon-simple\">\n\t\t\t\t\t\t<div class=\"info-box-icon\">\n\t\t\t\t\t\t\t\t\t\t\t\t\t\t\t<img loading=\"lazy\" decoding=\"async\" width=\"50\" height=\"50\" src=\"https:\/\/deromania.es\/wp-content\/smush-webp\/2025\/07\/Obiecte-pangar-Spania-50x50.png.webp\" class=\"attachment-50x50 size-50x50\" alt=\"Objetos pangar Espa\u00f1a\" srcset=\"https:\/\/deromania.es\/wp-content\/smush-webp\/2025\/07\/Obiecte-pangar-Spania-50x50.png.webp 50w, https:\/\/deromania.es\/wp-content\/smush-webp\/2025\/07\/Obiecte-pangar-Spania-150x150.png.webp 150w, https:\/\/deromania.es\/wp-content\/smush-webp\/2025\/07\/Obiecte-pangar-Spania-430x430.png.webp 430w, https:\/\/deromania.es\/wp-content\/smush-webp\/2025\/07\/Obiecte-pangar-Spania-118x118.png.webp 118w\" sizes=\"auto, (max-width: 50px) 100vw, 50px\" title=\"\">\t\t\t\t\t\t\t\t\t\t\t\t\t<\/div>\n\t\t\t\t\t<\/div>\n\t\t\t\t\n\t\t\t\t<div class=\"info-box-content\">\n\t\t\t\t\t\n\t\t\t\t\t\t\t\t\t\t\t<h4\t\t\t\t\t\tclass=\"info-box-title title box-title-style-default wd-fontsize-s\" data-elementor-setting-key=\"title\">\n\t\t\t\t\t\t\t\t\ud83d\udd25 Reprezentare a puterii divine\t\t\t\t\t\t<\/h4>\n\t\t\t\t\t\n\t\t\t\t\t<div class=\"info-box-inner reset-last-child\"data-elementor-setting-key=\"content\"><p style=\"text-align: center;\">Sf\u00e2ntul Ilie \u2013 proorocul focului \u0219i al cerului, aduc\u0103tor de ploaie \u0219i tunet, simbol al drept\u0103\u021bii.<\/p>\n<\/div>\n\n\t\t\t\t\t\t\t\t\t<\/div>\n\n\t\t\t\t\t\t\t\t\t<a href=\"#\" class=\"wd-info-box-link wd-fill\" aria-label=\"Infobox link\"><\/a>\n\t\t\t\t\t\t\t<\/div>\n\t\t<\/div>\n\t\t\t\t\t\t<\/div>\n\t\t\t\t<\/div>\n\t\t\t\t<div class=\"elementor-element elementor-element-925f8ae elementor-widget elementor-widget-wd_infobox\" data-id=\"925f8ae\" data-element_type=\"widget\" data-e-type=\"widget\" data-widget_type=\"wd_infobox.default\">\n\t\t\t\t<div class=\"elementor-widget-container\">\n\t\t\t\t\t\t\t<div class=\"info-box-wrapper\">\n\t\t\t<div class=\"wd-info-box text-center box-icon-align-top box-style-base color-scheme-\">\n\t\t\t\t\t\t\t\t\t<div class=\"box-icon-wrapper  box-with-icon box-icon-simple\">\n\t\t\t\t\t\t<div class=\"info-box-icon\">\n\t\t\t\t\t\t\t\t\t\t\t\t\t\t\t<img loading=\"lazy\" decoding=\"async\" width=\"50\" height=\"50\" src=\"https:\/\/deromania.es\/wp-content\/smush-webp\/2025\/07\/patriarhia-romana-in-Spania-50x50.jpg.webp\" class=\"attachment-50x50 size-50x50\" alt=\"Patriarcado Romano en Espa\u00f1a\" srcset=\"https:\/\/deromania.es\/wp-content\/smush-webp\/2025\/07\/patriarhia-romana-in-Spania-50x50.jpg.webp 50w, https:\/\/deromania.es\/wp-content\/smush-webp\/2025\/07\/patriarhia-romana-in-Spania-150x150.jpg.webp 150w, https:\/\/deromania.es\/wp-content\/smush-webp\/2025\/07\/patriarhia-romana-in-Spania-430x430.jpg.webp 430w\" sizes=\"auto, (max-width: 50px) 100vw, 50px\" title=\"\">\t\t\t\t\t\t\t\t\t\t\t\t\t<\/div>\n\t\t\t\t\t<\/div>\n\t\t\t\t\n\t\t\t\t<div class=\"info-box-content\">\n\t\t\t\t\t\n\t\t\t\t\t\t\t\t\t\t\t<h4\t\t\t\t\t\tclass=\"info-box-title title box-title-style-default wd-fontsize-s\" data-elementor-setting-key=\"title\">\n\t\t\t\t\t\t\t\t\ud83d\udce6 Env\u00edo r\u00e1pido desde Espa\u00f1a\t\t\t\t\t\t<\/h4>\n\t\t\t\t\t\n\t\t\t\t\t<div class=\"info-box-inner reset-last-child\"data-elementor-setting-key=\"content\"><p style=\"text-align: center;\">Disponible en stock en Deromania.es - sin pedidos externos, sin esperas.<\/p>\n<\/div>\n\n\t\t\t\t\t\t\t\t\t<\/div>\n\n\t\t\t\t\t\t\t\t\t<a href=\"#\" class=\"wd-info-box-link wd-fill\" aria-label=\"Infobox link\"><\/a>\n\t\t\t\t\t\t\t<\/div>\n\t\t<\/div>\n\t\t\t\t\t\t<\/div>\n\t\t\t\t<\/div>\n\t\t\t\t<\/div>\n\t\t<div class=\"elementor-element elementor-element-33979a3 e-con-full e-flex e-con e-child\" data-id=\"33979a3\" data-element_type=\"container\" data-e-type=\"container\">\n\t\t\t\t<div class=\"elementor-element elementor-element-3fca813 elementor-widget elementor-widget-wd_infobox\" data-id=\"3fca813\" data-element_type=\"widget\" data-e-type=\"widget\" data-widget_type=\"wd_infobox.default\">\n\t\t\t\t<div class=\"elementor-widget-container\">\n\t\t\t\t\t\t\t<div class=\"info-box-wrapper\">\n\t\t\t<div class=\"wd-info-box text-center box-icon-align-top box-style-base color-scheme-\">\n\t\t\t\t\t\t\t\t\t<div class=\"box-icon-wrapper  box-with-icon box-icon-simple\">\n\t\t\t\t\t\t<div class=\"info-box-icon\">\n\t\t\t\t\t\t\t\t\t\t\t\t\t\t\t<img loading=\"lazy\" decoding=\"async\" width=\"50\" height=\"50\" src=\"https:\/\/deromania.es\/wp-content\/smush-webp\/2025\/07\/Carti-Arta-traditionale-romanesti-in-Spania-50x50.png.webp\" class=\"attachment-50x50 size-50x50\" alt=\"Libros y arte tradicionales rumanos en Espa\u00f1a\" srcset=\"https:\/\/deromania.es\/wp-content\/smush-webp\/2025\/07\/Carti-Arta-traditionale-romanesti-in-Spania-50x50.png.webp 50w, https:\/\/deromania.es\/wp-content\/smush-webp\/2025\/07\/Carti-Arta-traditionale-romanesti-in-Spania-12x12.png.webp 12w, https:\/\/deromania.es\/wp-content\/smush-webp\/2025\/07\/Carti-Arta-traditionale-romanesti-in-Spania-150x150.png.webp 150w, https:\/\/deromania.es\/wp-content\/smush-webp\/2025\/07\/Carti-Arta-traditionale-romanesti-in-Spania-300x300.png.webp 300w, https:\/\/deromania.es\/wp-content\/uploads\/2025\/07\/Carti-Arta-traditionale-romanesti-in-Spania-768x768.png 768w, https:\/\/deromania.es\/wp-content\/uploads\/2025\/07\/Carti-Arta-traditionale-romanesti-in-Spania-800x800.png 800w, https:\/\/deromania.es\/wp-content\/smush-webp\/2025\/07\/Carti-Arta-traditionale-romanesti-in-Spania-430x430.png.webp 430w, https:\/\/deromania.es\/wp-content\/smush-webp\/2025\/07\/Carti-Arta-traditionale-romanesti-in-Spania-700x700.png.webp 700w, https:\/\/deromania.es\/wp-content\/smush-webp\/2025\/07\/Carti-Arta-traditionale-romanesti-in-Spania-118x118.png.webp 118w, https:\/\/deromania.es\/wp-content\/uploads\/2025\/07\/Carti-Arta-traditionale-romanesti-in-Spania.png 1024w\" sizes=\"auto, (max-width: 50px) 100vw, 50px\" title=\"\">\t\t\t\t\t\t\t\t\t\t\t\t\t<\/div>\n\t\t\t\t\t<\/div>\n\t\t\t\t\n\t\t\t\t<div class=\"info-box-content\">\n\t\t\t\t\t\n\t\t\t\t\t\t\t\t\t\t\t<h4\t\t\t\t\t\tclass=\"info-box-title title box-title-style-default wd-fontsize-s\" data-elementor-setting-key=\"title\">\n\t\t\t\t\t\t\t\t\ud83d\udccf Format 17 x 14 cm, suport PAL\t\t\t\t\t\t<\/h4>\n\t\t\t\t\t\n\t\t\t\t\t<div class=\"info-box-inner reset-last-child\"data-elementor-setting-key=\"content\"><p style=\"text-align: center;\">Icoan\u0103 de dimensiune medie, potrivit\u0103 pentru cas\u0103, bisericu\u021be sau birou.<\/p>\n<\/div>\n\n\t\t\t\t\t\t\t\t\t<\/div>\n\n\t\t\t\t\t\t\t\t\t<a href=\"#\" class=\"wd-info-box-link wd-fill\" aria-label=\"Infobox link\"><\/a>\n\t\t\t\t\t\t\t<\/div>\n\t\t<\/div>\n\t\t\t\t\t\t<\/div>\n\t\t\t\t<\/div>\n\t\t\t\t<div class=\"elementor-element elementor-element-d0884bb elementor-widget elementor-widget-wd_infobox\" data-id=\"d0884bb\" data-element_type=\"widget\" data-e-type=\"widget\" data-widget_type=\"wd_infobox.default\">\n\t\t\t\t<div class=\"elementor-widget-container\">\n\t\t\t\t\t\t\t<div class=\"info-box-wrapper\">\n\t\t\t<div class=\"wd-info-box text-center box-icon-align-top box-style-base color-scheme-\">\n\t\t\t\t\t\t\t\t\t<div class=\"box-icon-wrapper  box-with-icon box-icon-simple\">\n\t\t\t\t\t\t<div class=\"info-box-icon\">\n\t\t\t\t\t\t\t\t\t\t\t\t\t\t\t<img loading=\"lazy\" decoding=\"async\" width=\"50\" height=\"50\" src=\"https:\/\/deromania.es\/wp-content\/smush-webp\/2025\/07\/Carti-Arta-traditionale-romanesti-Spania-50x50.png.webp\" class=\"attachment-50x50 size-50x50\" alt=\"Libros y arte Arte tradicional rumano Espa\u00f1a\" srcset=\"https:\/\/deromania.es\/wp-content\/smush-webp\/2025\/07\/Carti-Arta-traditionale-romanesti-Spania-50x50.png.webp 50w, https:\/\/deromania.es\/wp-content\/smush-webp\/2025\/07\/Carti-Arta-traditionale-romanesti-Spania-150x150.png.webp 150w, https:\/\/deromania.es\/wp-content\/smush-webp\/2025\/07\/Carti-Arta-traditionale-romanesti-Spania-430x430.png.webp 430w\" sizes=\"auto, (max-width: 50px) 100vw, 50px\" title=\"\">\t\t\t\t\t\t\t\t\t\t\t\t\t<\/div>\n\t\t\t\t\t<\/div>\n\t\t\t\t\n\t\t\t\t<div class=\"info-box-content\">\n\t\t\t\t\t\n\t\t\t\t\t\t\t\t\t\t\t<h4\t\t\t\t\t\tclass=\"info-box-title title box-title-style-default wd-fontsize-s\" data-elementor-setting-key=\"title\">\n\t\t\t\t\t\t\t\t\ud83c\udf29\ufe0f Ocrotitorul cerului \u0219i al recoltelor\t\t\t\t\t\t<\/h4>\n\t\t\t\t\t\n\t\t\t\t\t<div class=\"info-box-inner reset-last-child\"data-elementor-setting-key=\"content\"><p style=\"text-align: center;\">Invocat \u00eempotriva secetei, furtunilor \u0219i a fenomenelor extreme.<\/p>\n<\/div>\n\n\t\t\t\t\t\t\t\t\t<\/div>\n\n\t\t\t\t\t\t\t\t\t<a href=\"#\" class=\"wd-info-box-link wd-fill\" aria-label=\"Infobox link\"><\/a>\n\t\t\t\t\t\t\t<\/div>\n\t\t<\/div>\n\t\t\t\t\t\t<\/div>\n\t\t\t\t<\/div>\n\t\t\t\t<\/div>\n\t\t\t\t\t<\/div>\n\t\t\t\t<\/div>\n\t\t\t\t<\/div>","protected":false},"excerpt":{"rendered":"<p>Icono rumano consagrado que representa a San El\u00edas Profeta, portador de justicia, valor y luz divina. Realizado en litograf\u00eda de alta calidad, es adecuado para aquellos que buscan protecci\u00f3n, fuerza y consuelo en tiempos dif\u00edciles. Entrega r\u00e1pida desde Espa\u00f1a.<\/p>","protected":false},"featured_media":170988,"comment_status":"open","ping_status":"closed","template":"","meta":[],"product_brand":[122],"product_cat":[91,98],"product_tag":[504,505,520,515,506],"class_list":{"0":"post-34945","1":"product","2":"type-product","3":"status-publish","4":"has-post-thumbnail","6":"product_brand-patriarhia-romana","7":"product_cat-icoane","8":"product_cat-obiecte-ortodoxe","9":"product_tag-icoana","10":"product_tag-ortodoxa","11":"product_tag-prooroc-ilie","12":"product_tag-protectie","13":"product_tag-sfintita","15":"first","16":"instock","17":"taxable","18":"shipping-taxable","19":"purchasable","20":"product-type-simple"},"_links":{"self":[{"href":"https:\/\/deromania.es\/es\/wp-json\/wp\/v2\/product\/34945","targetHints":{"allow":["GET"]}}],"collection":[{"href":"https:\/\/deromania.es\/es\/wp-json\/wp\/v2\/product"}],"about":[{"href":"https:\/\/deromania.es\/es\/wp-json\/wp\/v2\/types\/product"}],"replies":[{"embeddable":true,"href":"https:\/\/deromania.es\/es\/wp-json\/wp\/v2\/comments?post=34945"}],"version-history":[{"count":0,"href":"https:\/\/deromania.es\/es\/wp-json\/wp\/v2\/product\/34945\/revisions"}],"wp:featuredmedia":[{"embeddable":true,"href":"https:\/\/deromania.es\/es\/wp-json\/wp\/v2\/media\/170988"}],"wp:attachment":[{"href":"https:\/\/deromania.es\/es\/wp-json\/wp\/v2\/media?parent=34945"}],"wp:term":[{"taxonomy":"product_brand","embeddable":true,"href":"https:\/\/deromania.es\/es\/wp-json\/wp\/v2\/product_brand?post=34945"},{"taxonomy":"product_cat","embeddable":true,"href":"https:\/\/deromania.es\/es\/wp-json\/wp\/v2\/product_cat?post=34945"},{"taxonomy":"product_tag","embeddable":true,"href":"https:\/\/deromania.es\/es\/wp-json\/wp\/v2\/product_tag?post=34945"}],"curies":[{"name":"wp","href":"https:\/\/api.w.org\/{rel}","templated":true}]}}