{"id":34664,"date":"2025-07-24T10:36:54","date_gmt":"2025-07-24T10:36:54","guid":{"rendered":"https:\/\/deromania.es\/?post_type=product&#038;p=34664"},"modified":"2025-09-29T12:12:16","modified_gmt":"2025-09-29T12:12:16","slug":"magnet-frigider-vase-traditionale-decorative-corund","status":"publish","type":"product","link":"https:\/\/deromania.es\/es\/producto\/magnet-frigider-vase-traditionale-decorative-corund","title":{"rendered":"Im\u00e1n nevera frigor\u00edfico jarrones decorativos tradicionales Corund"},"content":{"rendered":"<div data-elementor-type=\"wp-post\" data-elementor-id=\"34664\" class=\"elementor elementor-34664\">\n\t\t\t\t<div class=\"wd-negative-gap elementor-element elementor-element-159df583 e-flex e-con-boxed e-con e-parent\" data-id=\"159df583\" data-element_type=\"container\" data-e-type=\"container\">\n\t\t\t\t\t<div class=\"e-con-inner\">\n\t\t<div class=\"elementor-element elementor-element-3d71c28 e-con-full e-flex e-con e-child\" data-id=\"3d71c28\" data-element_type=\"container\" data-e-type=\"container\">\n\t\t\t\t<div class=\"elementor-element elementor-element-6a0164e4 elementor-widget elementor-widget-wd_text_block\" data-id=\"6a0164e4\" data-element_type=\"widget\" data-e-type=\"widget\" data-widget_type=\"wd_text_block.default\">\n\t\t\t\t<div class=\"elementor-widget-container\">\n\t\t\t\t\t\t\t<div class=\"wd-text-block reset-last-child text-left\">\n\t\t\t\n\t\t\t<p data-start=\"430\" data-end=\"532\"><strong data-start=\"430\" data-end=\"532\">Magnet Frigider Corund \u2013 Vase Tradi\u021bionale \u00een miniatur\u0103, pentru un col\u021b de Rom\u00e2nia \u00een buc\u0103t\u0103ria ta<\/strong><\/p><p data-start=\"534\" data-end=\"816\">Acest magnet decorativ din ceramic\u0103 red\u0103 \u00een miniatur\u0103 vasele tradi\u021bionale inspirate din ceramica de <strong data-start=\"634\" data-end=\"644\">Corund<\/strong>, faimoas\u0103 pentru motivele sale florale \u0219i culorile vii. Este realizat manual, cu aten\u021bie la detalii, \u0219i se prinde u\u0219or pe orice suprafa\u021b\u0103 metalic\u0103: frigider, tabl\u0103, dulap.<\/p><p data-start=\"818\" data-end=\"1023\">Un suvenir mic, dar plin de farmec, perfect pentru rom\u00e2nii din diaspora sau pentru colec\u021bionarii de obiecte etnografice. Adaug\u0103 un strop de tradi\u021bie rom\u00e2neasc\u0103 \u00een buc\u0103t\u0103ria ta sau ofer\u0103-l cadou cuiva drag.<\/p><p data-start=\"1025\" data-end=\"1165\">En busca de un <strong data-start=\"1034\" data-end=\"1085\">magnet ceramic tradi\u021bional din Corund \u00een Spania<\/strong>? La Deromania.es g\u0103se\u0219ti originalul, cu livrare rapid\u0103 direct din stoc propriu.<\/p>\n\t\t\t\t\t<\/div>\n\t\t\t\t\t\t<\/div>\n\t\t\t\t<\/div>\n\t\t\t\t<\/div>\n\t\t<div class=\"elementor-element elementor-element-51d205e8 e-con-full e-flex e-con e-child\" data-id=\"51d205e8\" data-element_type=\"container\" data-e-type=\"container\">\n\t\t\t\t<div class=\"elementor-element elementor-element-3f261142 elementor-widget elementor-widget-wd_infobox\" data-id=\"3f261142\" data-element_type=\"widget\" data-e-type=\"widget\" data-widget_type=\"wd_infobox.default\">\n\t\t\t\t<div class=\"elementor-widget-container\">\n\t\t\t\t\t\t\t<div class=\"info-box-wrapper\">\n\t\t\t<div class=\"wd-info-box text-center box-icon-align-top box-style-base color-scheme-\">\n\t\t\t\t\t\t\t\t\t<div class=\"box-icon-wrapper  box-with-icon box-icon-simple\">\n\t\t\t\t\t\t<div class=\"info-box-icon\">\n\t\t\t\t\t\t\t\t\t\t\t\t\t\t\t<img loading=\"lazy\" decoding=\"async\" width=\"50\" height=\"50\" src=\"https:\/\/deromania.es\/wp-content\/smush-webp\/2021\/08\/cesti-cermice-corund-spania-50x50.jpeg.webp\" class=\"attachment-50x50 size-50x50\" alt=\"cesti cermice corund spania\" srcset=\"https:\/\/deromania.es\/wp-content\/smush-webp\/2021\/08\/cesti-cermice-corund-spania-50x50.jpeg.webp 50w, https:\/\/deromania.es\/wp-content\/smush-webp\/2021\/08\/cesti-cermice-corund-spania-12x12.jpeg.webp 12w, https:\/\/deromania.es\/wp-content\/smush-webp\/2021\/08\/cesti-cermice-corund-spania-150x150.jpeg.webp 150w, https:\/\/deromania.es\/wp-content\/smush-webp\/2021\/08\/cesti-cermice-corund-spania-300x300.jpeg.webp 300w, https:\/\/deromania.es\/wp-content\/smush-webp\/2021\/08\/cesti-cermice-corund-spania-768x768.jpeg.webp 768w, https:\/\/deromania.es\/wp-content\/smush-webp\/2021\/08\/cesti-cermice-corund-spania-800x800.jpeg.webp 800w, https:\/\/deromania.es\/wp-content\/smush-webp\/2021\/08\/cesti-cermice-corund-spania-430x430.jpeg.webp 430w, https:\/\/deromania.es\/wp-content\/smush-webp\/2021\/08\/cesti-cermice-corund-spania-700x700.jpeg.webp 700w, https:\/\/deromania.es\/wp-content\/smush-webp\/2021\/08\/cesti-cermice-corund-spania.jpeg.webp 1024w\" sizes=\"auto, (max-width: 50px) 100vw, 50px\" title=\"\">\t\t\t\t\t\t\t\t\t\t\t\t\t<\/div>\n\t\t\t\t\t<\/div>\n\t\t\t\t\n\t\t\t\t<div class=\"info-box-content\">\n\t\t\t\t\t\n\t\t\t\t\t\t\t\t\t\t\t<h4\t\t\t\t\t\tclass=\"info-box-title title box-title-style-default wd-fontsize-s\" data-elementor-setting-key=\"title\">\n\t\t\t\t\t\t\t\t\ud83c\udffa Inspirat din ceramica de Corund\t\t\t\t\t\t<\/h4>\n\t\t\t\t\t\n\t\t\t\t\t<div class=\"info-box-inner reset-last-child\"data-elementor-setting-key=\"content\"><p style=\"text-align: center;\">Modele cu vase tradi\u021bionale \u00een miniatur\u0103, pictate \u00een stilul unic al me\u0219terilor populari.<\/p>\n<\/div>\n\n\t\t\t\t\t\t\t\t\t<\/div>\n\n\t\t\t\t\t\t\t\t\t<a href=\"#\" class=\"wd-info-box-link wd-fill\" aria-label=\"Infobox link\"><\/a>\n\t\t\t\t\t\t\t<\/div>\n\t\t<\/div>\n\t\t\t\t\t\t<\/div>\n\t\t\t\t<\/div>\n\t\t\t\t<div class=\"elementor-element elementor-element-399563de elementor-widget elementor-widget-wd_infobox\" data-id=\"399563de\" data-element_type=\"widget\" data-e-type=\"widget\" data-widget_type=\"wd_infobox.default\">\n\t\t\t\t<div class=\"elementor-widget-container\">\n\t\t\t\t\t\t\t<div class=\"info-box-wrapper\">\n\t\t\t<div class=\"wd-info-box text-center box-icon-align-top box-style-base color-scheme-\">\n\t\t\t\t\t\t\t\t\t<div class=\"box-icon-wrapper  box-with-icon box-icon-simple\">\n\t\t\t\t\t\t<div class=\"info-box-icon\">\n\t\t\t\t\t\t\t\t\t\t\t\t\t\t\t<img loading=\"lazy\" decoding=\"async\" width=\"50\" height=\"50\" src=\"https:\/\/deromania.es\/wp-content\/uploads\/2025\/07\/Magnet-frigider-vase-traditionale-decorative-Corund-50x50.webp\" class=\"attachment-50x50 size-50x50\" alt=\"Im\u00e1n nevera frigor\u00edfico jarrones decorativos tradicionales Corund\" srcset=\"https:\/\/deromania.es\/wp-content\/uploads\/2025\/07\/Magnet-frigider-vase-traditionale-decorative-Corund-50x50.webp 50w, https:\/\/deromania.es\/wp-content\/uploads\/2025\/07\/Magnet-frigider-vase-traditionale-decorative-Corund-12x12.webp 12w, https:\/\/deromania.es\/wp-content\/uploads\/2025\/07\/Magnet-frigider-vase-traditionale-decorative-Corund-150x150.webp 150w, https:\/\/deromania.es\/wp-content\/uploads\/2025\/07\/Magnet-frigider-vase-traditionale-decorative-Corund-300x300.webp 300w, https:\/\/deromania.es\/wp-content\/uploads\/2025\/07\/Magnet-frigider-vase-traditionale-decorative-Corund-768x768.webp 768w, https:\/\/deromania.es\/wp-content\/uploads\/2025\/07\/Magnet-frigider-vase-traditionale-decorative-Corund-800x800.webp 800w, https:\/\/deromania.es\/wp-content\/uploads\/2025\/07\/Magnet-frigider-vase-traditionale-decorative-Corund-430x430.webp 430w, https:\/\/deromania.es\/wp-content\/uploads\/2025\/07\/Magnet-frigider-vase-traditionale-decorative-Corund-700x700.webp 700w, https:\/\/deromania.es\/wp-content\/uploads\/2025\/07\/Magnet-frigider-vase-traditionale-decorative-Corund.webp 1000w\" sizes=\"auto, (max-width: 50px) 100vw, 50px\" title=\"\">\t\t\t\t\t\t\t\t\t\t\t\t\t<\/div>\n\t\t\t\t\t<\/div>\n\t\t\t\t\n\t\t\t\t<div class=\"info-box-content\">\n\t\t\t\t\t\n\t\t\t\t\t\t\t\t\t\t\t<h4\t\t\t\t\t\tclass=\"info-box-title title box-title-style-default wd-fontsize-s\" data-elementor-setting-key=\"title\">\n\t\t\t\t\t\t\t\t\ud83c\udf81 Suvenir mic, cu identitate\t\t\t\t\t\t<\/h4>\n\t\t\t\t\t\n\t\t\t\t\t<div class=\"info-box-inner reset-last-child\"data-elementor-setting-key=\"content\"><p style=\"text-align: center;\">Ideal de oferit \u00een dar celor care iubesc tradi\u021biile sau doresc s\u0103 p\u0103streze leg\u0103tura cu Rom\u00e2nia.<\/p>\n<\/div>\n\n\t\t\t\t\t\t\t\t\t<\/div>\n\n\t\t\t\t\t\t\t\t\t<a href=\"#\" class=\"wd-info-box-link wd-fill\" aria-label=\"Infobox link\"><\/a>\n\t\t\t\t\t\t\t<\/div>\n\t\t<\/div>\n\t\t\t\t\t\t<\/div>\n\t\t\t\t<\/div>\n\t\t\t\t<\/div>\n\t\t<div class=\"elementor-element elementor-element-73410011 e-con-full e-flex e-con e-child\" data-id=\"73410011\" data-element_type=\"container\" data-e-type=\"container\">\n\t\t\t\t<div class=\"elementor-element elementor-element-20a6415d elementor-widget elementor-widget-wd_infobox\" data-id=\"20a6415d\" data-element_type=\"widget\" data-e-type=\"widget\" data-widget_type=\"wd_infobox.default\">\n\t\t\t\t<div class=\"elementor-widget-container\">\n\t\t\t\t\t\t\t<div class=\"info-box-wrapper\">\n\t\t\t<div class=\"wd-info-box text-center box-icon-align-top box-style-base color-scheme-\">\n\t\t\t\t\t\t\t\t\t<div class=\"box-icon-wrapper  box-with-icon box-icon-simple\">\n\t\t\t\t\t\t<div class=\"info-box-icon\">\n\t\t\t\t\t\t\t\t\t\t\t\t\t\t\t<img loading=\"lazy\" decoding=\"async\" width=\"50\" height=\"50\" src=\"https:\/\/deromania.es\/wp-content\/smush-webp\/2025\/07\/Obiecte-traditionale-Corund-in-Spania-50x50.png.webp\" class=\"attachment-50x50 size-50x50\" alt=\"Objetos tradicionales Corund en Espa\u00f1a\" srcset=\"https:\/\/deromania.es\/wp-content\/smush-webp\/2025\/07\/Obiecte-traditionale-Corund-in-Spania-50x50.png.webp 50w, https:\/\/deromania.es\/wp-content\/uploads\/2025\/07\/Obiecte-traditionale-Corund-in-Spania-150x150.png 150w, https:\/\/deromania.es\/wp-content\/uploads\/2025\/07\/Obiecte-traditionale-Corund-in-Spania-430x430.png 430w\" sizes=\"auto, (max-width: 50px) 100vw, 50px\" title=\"\">\t\t\t\t\t\t\t\t\t\t\t\t\t<\/div>\n\t\t\t\t\t<\/div>\n\t\t\t\t\n\t\t\t\t<div class=\"info-box-content\">\n\t\t\t\t\t\n\t\t\t\t\t\t\t\t\t\t\t<h4\t\t\t\t\t\tclass=\"info-box-title title box-title-style-default wd-fontsize-s\" data-elementor-setting-key=\"title\">\n\t\t\t\t\t\t\t\t\ud83e\uddf2 Se fixeaz\u0103 u\u0219or pe frigider\t\t\t\t\t\t<\/h4>\n\t\t\t\t\t\n\t\t\t\t\t<div class=\"info-box-inner reset-last-child\"data-elementor-setting-key=\"content\"><p style=\"text-align: center;\">Magnet rezistent, perfect pentru decor cu tematic\u0103 rom\u00e2neasc\u0103 \u00een buc\u0103t\u0103rie sau birou.<\/p>\n<\/div>\n\n\t\t\t\t\t\t\t\t\t<\/div>\n\n\t\t\t\t\t\t\t\t\t<a href=\"#\" class=\"wd-info-box-link wd-fill\" aria-label=\"Infobox link\"><\/a>\n\t\t\t\t\t\t\t<\/div>\n\t\t<\/div>\n\t\t\t\t\t\t<\/div>\n\t\t\t\t<\/div>\n\t\t\t\t<div class=\"elementor-element elementor-element-4651bc58 elementor-widget elementor-widget-wd_infobox\" data-id=\"4651bc58\" data-element_type=\"widget\" data-e-type=\"widget\" data-widget_type=\"wd_infobox.default\">\n\t\t\t\t<div class=\"elementor-widget-container\">\n\t\t\t\t\t\t\t<div class=\"info-box-wrapper\">\n\t\t\t<div class=\"wd-info-box text-center box-icon-align-top box-style-base color-scheme-\">\n\t\t\t\t\t\t\t\t\t<div class=\"box-icon-wrapper  box-with-icon box-icon-simple\">\n\t\t\t\t\t\t<div class=\"info-box-icon\">\n\t\t\t\t\t\t\t\t\t\t\t\t\t\t\t<img loading=\"lazy\" decoding=\"async\" width=\"50\" height=\"50\" src=\"https:\/\/deromania.es\/wp-content\/smush-webp\/2025\/07\/livrare-rapida-in-Spania-prin-Correos-50x50.png.webp\" class=\"attachment-50x50 size-50x50\" alt=\"entrega r\u00e1pida en Espa\u00f1a a trav\u00e9s de Correos\" srcset=\"https:\/\/deromania.es\/wp-content\/smush-webp\/2025\/07\/livrare-rapida-in-Spania-prin-Correos-50x50.png.webp 50w, https:\/\/deromania.es\/wp-content\/smush-webp\/2025\/07\/livrare-rapida-in-Spania-prin-Correos-12x12.png.webp 12w, https:\/\/deromania.es\/wp-content\/smush-webp\/2025\/07\/livrare-rapida-in-Spania-prin-Correos-150x150.png.webp 150w, https:\/\/deromania.es\/wp-content\/smush-webp\/2025\/07\/livrare-rapida-in-Spania-prin-Correos-300x300.png.webp 300w, https:\/\/deromania.es\/wp-content\/smush-webp\/2025\/07\/livrare-rapida-in-Spania-prin-Correos-768x768.png.webp 768w, https:\/\/deromania.es\/wp-content\/smush-webp\/2025\/07\/livrare-rapida-in-Spania-prin-Correos-800x800.png.webp 800w, https:\/\/deromania.es\/wp-content\/smush-webp\/2025\/07\/livrare-rapida-in-Spania-prin-Correos-430x430.png.webp 430w, https:\/\/deromania.es\/wp-content\/smush-webp\/2025\/07\/livrare-rapida-in-Spania-prin-Correos-700x700.png.webp 700w, https:\/\/deromania.es\/wp-content\/smush-webp\/2025\/07\/livrare-rapida-in-Spania-prin-Correos.png.webp 1024w\" sizes=\"auto, (max-width: 50px) 100vw, 50px\" title=\"\">\t\t\t\t\t\t\t\t\t\t\t\t\t<\/div>\n\t\t\t\t\t<\/div>\n\t\t\t\t\n\t\t\t\t<div class=\"info-box-content\">\n\t\t\t\t\t\n\t\t\t\t\t\t\t\t\t\t\t<h4\t\t\t\t\t\tclass=\"info-box-title title box-title-style-default wd-fontsize-s\" data-elementor-setting-key=\"title\">\n\t\t\t\t\t\t\t\t\ud83d\udce6 Entrega desde almac\u00e9n a Espa\u00f1a\t\t\t\t\t\t<\/h4>\n\t\t\t\t\t\n\t\t\t\t\t<div class=\"info-box-inner reset-last-child\"data-elementor-setting-key=\"content\"><p style=\"text-align: center;\">Produs disponibil imediat pe Deromania.es \u2013 f\u0103r\u0103 comenzi externe sau a\u0219tept\u0103ri in maxim 2-4 zile<\/p>\n<\/div>\n\n\t\t\t\t\t\t\t\t\t<\/div>\n\n\t\t\t\t\t\t\t\t\t<a href=\"#\" class=\"wd-info-box-link wd-fill\" aria-label=\"Infobox link\"><\/a>\n\t\t\t\t\t\t\t<\/div>\n\t\t<\/div>\n\t\t\t\t\t\t<\/div>\n\t\t\t\t<\/div>\n\t\t\t\t<\/div>\n\t\t\t\t\t<\/div>\n\t\t\t\t<\/div>\n\t\t\t\t<\/div>","protected":false},"excerpt":{"rendered":"<p data-start=\"909\" data-end=\"1048\">Im\u00e1n de cer\u00e1mica con jarrones tradicionales de Corund. Recuerdo decorativo rumano para nevera, inspirado en la aut\u00e9ntica cer\u00e1mica de Transilvania.<\/p>","protected":false},"featured_media":34665,"comment_status":"open","ping_status":"closed","template":"","meta":[],"product_brand":[126],"product_cat":[144,146],"product_tag":[329,328],"class_list":{"0":"post-34664","1":"product","2":"type-product","3":"status-publish","4":"has-post-thumbnail","6":"product_brand-transilvania","7":"product_cat-decoratiuni","8":"product_cat-lemn-ceramica","9":"product_tag-de-metal","10":"product_tag-decorative","12":"first","13":"instock","14":"taxable","15":"shipping-taxable","16":"purchasable","17":"product-type-simple"},"_links":{"self":[{"href":"https:\/\/deromania.es\/es\/wp-json\/wp\/v2\/product\/34664","targetHints":{"allow":["GET"]}}],"collection":[{"href":"https:\/\/deromania.es\/es\/wp-json\/wp\/v2\/product"}],"about":[{"href":"https:\/\/deromania.es\/es\/wp-json\/wp\/v2\/types\/product"}],"replies":[{"embeddable":true,"href":"https:\/\/deromania.es\/es\/wp-json\/wp\/v2\/comments?post=34664"}],"version-history":[{"count":0,"href":"https:\/\/deromania.es\/es\/wp-json\/wp\/v2\/product\/34664\/revisions"}],"wp:featuredmedia":[{"embeddable":true,"href":"https:\/\/deromania.es\/es\/wp-json\/wp\/v2\/media\/34665"}],"wp:attachment":[{"href":"https:\/\/deromania.es\/es\/wp-json\/wp\/v2\/media?parent=34664"}],"wp:term":[{"taxonomy":"product_brand","embeddable":true,"href":"https:\/\/deromania.es\/es\/wp-json\/wp\/v2\/product_brand?post=34664"},{"taxonomy":"product_cat","embeddable":true,"href":"https:\/\/deromania.es\/es\/wp-json\/wp\/v2\/product_cat?post=34664"},{"taxonomy":"product_tag","embeddable":true,"href":"https:\/\/deromania.es\/es\/wp-json\/wp\/v2\/product_tag?post=34664"}],"curies":[{"name":"wp","href":"https:\/\/api.w.org\/{rel}","templated":true}]}}